



{"id":5,"date":"2013-02-14T10:20:55","date_gmt":"2013-02-14T10:20:55","guid":{"rendered":"http:\/\/localhost\/wordpress\/medicenter\/?page_id=5"},"modified":"2020-12-16T17:14:38","modified_gmt":"2020-12-16T17:14:38","slug":"home","status":"publish","type":"page","link":"https:\/\/www.croosp.org.br\/","title":{"rendered":"HOME"},"content":{"rendered":"<p>[vc_row top_margin=&#8221;page_margin_top&#8221; el_position=&#8221;first last&#8221;][vc_column width=&#8221;2\/3&#8243;]<h3 class=\"box_header animation-slide\">\u00daltimas Not\u00edcias<\/h3><div class=\"columns clearfix\"><ul class=\"blog column_left\"><li class=\" post post-5920 type-post status-publish format-standard has-post-thumbnail hentry category-optometria tag-atencao-primaria-a-saude-visual tag-croosp tag-cuidado-saude-visual tag-marco-verde tag-optometria tag-saude-visual\"><ul class=\"comment_box clearfix\"><li class=\"date\">\r\n\t\t\t\t\t\t\t\t<div class=\"value\">09 MAR 26<\/div>\r\n\t\t\t\t\t\t\t\t<div class=\"arrow_date\"><\/div>\r\n\t\t\t\t\t\t\t<\/li><li class=\"comments_number\">\t\t\t<a href=\"https:\/\/www.croosp.org.br\/index.php\/marco-verde-a-importancia-da-optometria-na-atencao-primaria-a-saude-visual\/#respond\" title=\"0 coment\u00e1rios\">0<\/a>\r\n\t\t\t\t\t\t\t<\/li><\/ul><div class=\"post_content\"><a class=\"post_image\" href=\"https:\/\/www.croosp.org.br\/index.php\/marco-verde-a-importancia-da-optometria-na-atencao-primaria-a-saude-visual\/\" title=\"Mar\u00e7o Verde: A Import\u00e2ncia da Optometria na Aten\u00e7\u00e3o Prim\u00e1ria \u00e0 Sa\u00fade Visual\"><span class=\"mc_preloader\"><\/span><img fetchpriority=\"high\" decoding=\"async\" width=\"480\" height=\"300\" src=\"https:\/\/www.croosp.org.br\/wp-content\/uploads\/2026\/03\/CROOSP-Marc\u0327o-Verde-A-Importa\u0302ncia-da-Optometria-na-Atenc\u0327a\u0303o-Prima\u0301ria-a\u0300-Sau\u0301de-Visual-480x300.png\" class=\"attachment-medicenter-gallery-image size-medicenter-gallery-image wp-post-image\" alt=\"Mar\u00e7o Verde: A Import\u00e2ncia da Optometria na Aten\u00e7\u00e3o Prim\u00e1ria \u00e0 Sa\u00fade Visual\" title=\"\" \/><\/a><h2><a href=\"https:\/\/www.croosp.org.br\/index.php\/marco-verde-a-importancia-da-optometria-na-atencao-primaria-a-saude-visual\/\" title=\"Mar\u00e7o Verde: A Import\u00e2ncia da Optometria na Aten\u00e7\u00e3o Prim\u00e1ria \u00e0 Sa\u00fade Visual\">Mar\u00e7o Verde: A Import\u00e2ncia da Optometria na Aten\u00e7\u00e3o Prim\u00e1ria \u00e0 Sa\u00fade Visual<\/a><\/h2><p>O Mar\u00e7o Verde \u00e9 um movimento de conscientiza\u00e7\u00e3o voltado \u00e0 preven\u00e7\u00e3o e aos cuidados com a sa\u00fade visual. Em 2026, o debate ganha ainda mais relev\u00e2ncia ao refor\u00e7ar o papel da aten\u00e7\u00e3o prim\u00e1ria \u00e0 sa\u00fade visual como estrat\u00e9gia essencial para reduzir filas, prevenir doen\u00e7as e ampliar o acesso da popula\u00e7\u00e3o ao cuidado qualificado. Segundo a<\/p>\n<a title=\"Leia Mais\" href=\"https:\/\/www.croosp.org.br\/index.php\/marco-verde-a-importancia-da-optometria-na-atencao-primaria-a-saude-visual\/\" class=\"more\">Leia Mais &rarr;<\/a>\t\t<div class=\"post_footer clearfix\"><ul class=\"post_footer_details\"><li>Postado em<\/li><li>\r\n\t\t\t\t\t\t\t\t\t\t\t<a href=\"https:\/\/www.croosp.org.br\/index.php\/category\/optometria\/\" title=\"View all posts filed under Optometria\">Optometria<\/a>\r\n\t\t\t\t\t\t\t\t\t\t<\/li>\t\t\t<\/ul><\/div><\/div><\/li><li class=\" post post-5900 type-post status-publish format-standard hentry category-juridico tag-adpf-131 tag-optometria tag-optometrista\"><ul class=\"comment_box clearfix\"><li class=\"date\">\r\n\t\t\t\t\t\t\t\t<div class=\"value\">14 JAN 26<\/div>\r\n\t\t\t\t\t\t\t\t<div class=\"arrow_date\"><\/div>\r\n\t\t\t\t\t\t\t<\/li><li class=\"comments_number\">\t\t\t<a href=\"https:\/\/www.croosp.org.br\/index.php\/o-que-muda-com-a-adpf-131-entenda-os-direitos-dos-optometristas-no-brasil\/#comments\" title=\"1 Coment\u00e1rio\">1<\/a>\r\n\t\t\t\t\t\t\t<\/li><\/ul><div class=\"post_content\"><h2><a href=\"https:\/\/www.croosp.org.br\/index.php\/o-que-muda-com-a-adpf-131-entenda-os-direitos-dos-optometristas-no-brasil\/\" title=\"O que muda com a ADPF 131? Entenda os direitos dos optometristas no Brasil\">O que muda com a ADPF 131? Entenda os direitos dos optometristas no Brasil<\/a><\/h2><p>A decis\u00e3o do Supremo Tribunal Federal (STF) sobre a Argui\u00e7\u00e3o de Descumprimento de Preceito Fundamental n\u00ba 131 (ADPF 131) representa um marco hist\u00f3rico para a profiss\u00e3o de optometrista no Brasil. Ap\u00f3s anos de embate judicial, a corte reconheceu o direito ao exerc\u00edcio profissional dos optometristas com forma\u00e7\u00e3o superior, garantindo mais seguran\u00e7a jur\u00eddica e autonomia para<\/p>\n<a title=\"Leia Mais\" href=\"https:\/\/www.croosp.org.br\/index.php\/o-que-muda-com-a-adpf-131-entenda-os-direitos-dos-optometristas-no-brasil\/\" class=\"more\">Leia Mais &rarr;<\/a>\t\t<div class=\"post_footer clearfix\"><ul class=\"post_footer_details\"><li>Postado em<\/li><li>\r\n\t\t\t\t\t\t\t\t\t\t\t<a href=\"https:\/\/www.croosp.org.br\/index.php\/category\/juridico\/\" title=\"View all posts filed under Jur\u00eddico\">Jur\u00eddico<\/a>\r\n\t\t\t\t\t\t\t\t\t\t<\/li>\t\t\t<\/ul><\/div><\/div><\/li><\/ul><ul class=\"blog column_right\"><li class=\" post post-5888 type-post status-publish format-standard has-post-thumbnail hentry category-news category-saude-visual tag-artigos-sobre-visao tag-cuidados-com-a-visao tag-saude-visual tag-visao-e-medicamentos\"><ul class=\"comment_box clearfix\"><li class=\"date\">\r\n\t\t\t\t\t\t\t\t<div class=\"value\">10 DEZ 25<\/div>\r\n\t\t\t\t\t\t\t\t<div class=\"arrow_date\"><\/div>\r\n\t\t\t\t\t\t\t<\/li><li class=\"comments_number\">\t\t\t<a href=\"https:\/\/www.croosp.org.br\/index.php\/os-olhos-e-o-farmaco\/#respond\" title=\"0 coment\u00e1rios\">0<\/a>\r\n\t\t\t\t\t\t\t<\/li><\/ul><div class=\"post_content\"><a class=\"post_image\" href=\"https:\/\/www.croosp.org.br\/index.php\/os-olhos-e-o-farmaco\/\" title=\"Os olhos e o f\u00e1rmaco\"><span class=\"mc_preloader\"><\/span><img decoding=\"async\" width=\"480\" height=\"300\" src=\"https:\/\/www.croosp.org.br\/wp-content\/uploads\/2025\/12\/Conteu\u0301do-CROOSP-Os-olhos-e-o-fa\u0301rmaco-480x300.png\" class=\"attachment-medicenter-gallery-image size-medicenter-gallery-image wp-post-image\" alt=\"Os olhos e o f\u00e1rmaco\" title=\"\" \/><\/a><h2><a href=\"https:\/\/www.croosp.org.br\/index.php\/os-olhos-e-o-farmaco\/\" title=\"Os olhos e o f\u00e1rmaco\">Os olhos e o f\u00e1rmaco<\/a><\/h2><p>Voc\u00ea sabia que alguns medicamentos podem causar efeitos silenciosos na vis\u00e3o? Mudan\u00e7as visuais nem sempre aparecem de imediato e, por isso, a aten\u00e7\u00e3o preventiva \u00e9 essencial. A seguir, compartilhamos um texto completo do Prof. Marcelo Santana sobre a rela\u00e7\u00e3o entre f\u00e1rmacos e sa\u00fade ocular &#8211; um tema importante para pacientes e profissionais da optometria: Os<\/p>\n<a title=\"Leia Mais\" href=\"https:\/\/www.croosp.org.br\/index.php\/os-olhos-e-o-farmaco\/\" class=\"more\">Leia Mais &rarr;<\/a>\t\t<div class=\"post_footer clearfix\"><ul class=\"post_footer_details\"><li>Postado em<\/li><li>\r\n\t\t\t\t\t\t\t\t\t\t\t<a href=\"https:\/\/www.croosp.org.br\/index.php\/category\/news\/\" title=\"View all posts filed under News\">News<\/a>, \r\n\t\t\t\t\t\t\t\t\t\t<\/li><li>\r\n\t\t\t\t\t\t\t\t\t\t\t<a href=\"https:\/\/www.croosp.org.br\/index.php\/category\/saude-visual\/\" title=\"View all posts filed under Sa\u00fade Visual\">Sa\u00fade Visual<\/a>\r\n\t\t\t\t\t\t\t\t\t\t<\/li>\t\t\t<\/ul><\/div><\/div><\/li><li class=\" post post-5873 type-post status-publish format-standard has-post-thumbnail hentry category-acao-comunitaria category-encontro-nacional category-evento category-reuniao-politica category-saude-visual tag-acesso-a-saude-visual tag-adpf-131 tag-atencao-primaria-a-visao tag-ato-nacional-da-optometria tag-campanha-optometriaunida tag-nota-tecnica-anvisa-optometria tag-profissional-optometrista tag-regulamentacao-da-optometria tag-saude-visual-no-brasil\"><ul class=\"comment_box clearfix\"><li class=\"date\">\r\n\t\t\t\t\t\t\t\t<div class=\"value\">10 NOV 25<\/div>\r\n\t\t\t\t\t\t\t\t<div class=\"arrow_date\"><\/div>\r\n\t\t\t\t\t\t\t<\/li><li class=\"comments_number\">\t\t\t<a href=\"https:\/\/www.croosp.org.br\/index.php\/regulamentacao-da-optometria-brasilia\/#respond\" title=\"0 coment\u00e1rios\">0<\/a>\r\n\t\t\t\t\t\t\t<\/li><\/ul><div class=\"post_content\"><a class=\"post_image\" href=\"https:\/\/www.croosp.org.br\/index.php\/regulamentacao-da-optometria-brasilia\/\" title=\"Regulamenta\u00e7\u00e3o da Optometria: CROOSP e profissionais se mobilizam em Bras\u00edlia por reconhecimento\"><span class=\"mc_preloader\"><\/span><img decoding=\"async\" width=\"480\" height=\"300\" src=\"https:\/\/www.croosp.org.br\/wp-content\/uploads\/2025\/11\/Regulamentac\u0327a\u0303o-da-Optometria-CROOSP-e-profissionais-se-mobilizam-em-Brasi\u0301lia-por-reconhecimento--480x300.png\" class=\"attachment-medicenter-gallery-image size-medicenter-gallery-image wp-post-image\" alt=\"Regulamenta\u00e7\u00e3o da Optometria: CROOSP e profissionais se mobilizam em Bras\u00edlia por reconhecimento\" title=\"\" \/><\/a><h2><a href=\"https:\/\/www.croosp.org.br\/index.php\/regulamentacao-da-optometria-brasilia\/\" title=\"Regulamenta\u00e7\u00e3o da Optometria: CROOSP e profissionais se mobilizam em Bras\u00edlia por reconhecimento\">Regulamenta\u00e7\u00e3o da Optometria: CROOSP e profissionais se mobilizam em Bras\u00edlia por reconhecimento<\/a><\/h2><p>Ato Nacional re\u00fane optometristas em Bras\u00edlia pela regulamenta\u00e7\u00e3o da optometria.\u00a0Mais de 400 profissionais participaram, em 5 de novembro, do Ato Nacional pela Optometria, realizado no audit\u00f3rio Nereu Ramos, na C\u00e2mara dos Deputados. A mobiliza\u00e7\u00e3o teve como principal pauta a regulamenta\u00e7\u00e3o da optometria no Brasil e contou com o apoio de entidades como o CROOSP (Conselho<\/p>\n<a title=\"Leia Mais\" href=\"https:\/\/www.croosp.org.br\/index.php\/regulamentacao-da-optometria-brasilia\/\" class=\"more\">Leia Mais &rarr;<\/a>\t\t<div class=\"post_footer clearfix\"><ul class=\"post_footer_details\"><li>Postado em<\/li><li>\r\n\t\t\t\t\t\t\t\t\t\t\t<a href=\"https:\/\/www.croosp.org.br\/index.php\/category\/acao-comunitaria\/\" title=\"View all posts filed under A\u00e7\u00e3o Comunit\u00e1ria\">A\u00e7\u00e3o Comunit\u00e1ria<\/a>, \r\n\t\t\t\t\t\t\t\t\t\t<\/li><li>\r\n\t\t\t\t\t\t\t\t\t\t\t<a href=\"https:\/\/www.croosp.org.br\/index.php\/category\/encontro-nacional\/\" title=\"View all posts filed under Encontro Nacional\">Encontro Nacional<\/a>, \r\n\t\t\t\t\t\t\t\t\t\t<\/li><li>\r\n\t\t\t\t\t\t\t\t\t\t\t<a href=\"https:\/\/www.croosp.org.br\/index.php\/category\/evento\/\" title=\"View all posts filed under Evento\">Evento<\/a>, \r\n\t\t\t\t\t\t\t\t\t\t<\/li><li>\r\n\t\t\t\t\t\t\t\t\t\t\t<a href=\"https:\/\/www.croosp.org.br\/index.php\/category\/reuniao-politica\/\" title=\"View all posts filed under Reuni\u00e3o Pol\u00edtica\">Reuni\u00e3o Pol\u00edtica<\/a>, \r\n\t\t\t\t\t\t\t\t\t\t<\/li><li>\r\n\t\t\t\t\t\t\t\t\t\t\t<a href=\"https:\/\/www.croosp.org.br\/index.php\/category\/saude-visual\/\" title=\"View all posts filed under Sa\u00fade Visual\">Sa\u00fade Visual<\/a>\r\n\t\t\t\t\t\t\t\t\t\t<\/li>\t\t\t<\/ul><\/div><\/div><\/li><\/ul><\/div><div class=\"show_all clearfix\"><a href=\"http:\/\/www.croosp.org.br\/index.php\/noticias\/\" title=\"Mostrar Todas \u2192\">Mostrar Todas \u2192<\/a><\/div>[\/vc_column][vc_column width=&#8221;1\/3&#8243;][vc_widget_sidebar sidebar_id=&#8221;sidebar-home-right&#8221; el_position=&#8221;first last&#8221;][\/vc_column][\/vc_row]<\/p>\n","protected":false},"excerpt":{"rendered":"<p>[vc_row top_margin=&#8221;page_margin_top&#8221; el_position=&#8221;first last&#8221;][vc_column width=&#8221;2\/3&#8243;][\/vc_column][vc_column width=&#8221;1\/3&#8243;][vc_widget_sidebar sidebar_id=&#8221;sidebar-home-right&#8221; el_position=&#8221;first last&#8221;][\/vc_column][\/vc_row]<\/p>\n","protected":false},"author":1,"featured_media":0,"parent":0,"menu_order":0,"comment_status":"open","ping_status":"open","template":"template-home.php","meta":{"footnotes":""},"class_list":["post-5","page","type-page","status-publish","hentry"],"_links":{"self":[{"href":"https:\/\/www.croosp.org.br\/index.php\/wp-json\/wp\/v2\/pages\/5","targetHints":{"allow":["GET"]}}],"collection":[{"href":"https:\/\/www.croosp.org.br\/index.php\/wp-json\/wp\/v2\/pages"}],"about":[{"href":"https:\/\/www.croosp.org.br\/index.php\/wp-json\/wp\/v2\/types\/page"}],"author":[{"embeddable":true,"href":"https:\/\/www.croosp.org.br\/index.php\/wp-json\/wp\/v2\/users\/1"}],"replies":[{"embeddable":true,"href":"https:\/\/www.croosp.org.br\/index.php\/wp-json\/wp\/v2\/comments?post=5"}],"version-history":[{"count":7,"href":"https:\/\/www.croosp.org.br\/index.php\/wp-json\/wp\/v2\/pages\/5\/revisions"}],"predecessor-version":[{"id":3132,"href":"https:\/\/www.croosp.org.br\/index.php\/wp-json\/wp\/v2\/pages\/5\/revisions\/3132"}],"wp:attachment":[{"href":"https:\/\/www.croosp.org.br\/index.php\/wp-json\/wp\/v2\/media?parent=5"}],"curies":[{"name":"wp","href":"https:\/\/api.w.org\/{rel}","templated":true}]}}